{"id":59,"date":"2019-04-17T00:01:26","date_gmt":"2019-04-16T21:01:26","guid":{"rendered":"https:\/\/bruell-gruber.antorit.de\/?page_id=59"},"modified":"2019-12-24T02:56:51","modified_gmt":"2019-12-23T23:56:51","slug":"pressespiegel","status":"publish","type":"page","link":"https:\/\/bruell-gruber.eu\/en\/pressespiegel\/","title":{"rendered":"Press review"},"content":{"rendered":"<p class=\"has-text-align-left\">Br\u00fcll+Gruber-Projekte im Blick der Kommentatoren<\/p>\n\n\n\n<div class=\"wp-block-coblocks-row coblocks-row-1022183654200\" data-columns=\"2\" data-layout=\"66-33\"><div class=\"wp-block-coblocks-row__inner has-medium-gutter has-no-padding has-no-margin is-stacked-on-mobile\">\n<div class=\"wp-block-coblocks-column coblocks-column-1022183659760\" style=\"width:66%\"><div class=\"wp-block-coblocks-column__inner has-no-padding has-no-margin\"><\/div><\/div>\n\n\n\n<div class=\"wp-block-coblocks-column coblocks-column-1022183659844\" style=\"width:33%\"><div class=\"wp-block-coblocks-column__inner has-no-padding has-no-margin\"><\/div><\/div>\n<\/div><\/div>\n\n\n\n<div class=\"wp-block-coblocks-row coblocks-row-1022184021476\" data-columns=\"2\" data-layout=\"33-66\"><div class=\"wp-block-coblocks-row__inner has-medium-gutter has-no-padding has-no-margin is-stacked-on-mobile\">\n<div class=\"wp-block-coblocks-column coblocks-column-1022184040268\" style=\"width:33%\"><div class=\"wp-block-coblocks-column__inner has-no-padding has-no-margin\">\n<figure class=\"wp-block-image\"><img width=\"845\" height=\"321\" src=\"https:\/\/bruell-gruber.eu\/wp-content\/uploads\/2019\/11\/logo_capital.fr_.jpg\" alt=\"Logo capital.fr im Bericht \u00fcber B+G\" class=\"wp-image-1551\" srcset=\"https:\/\/bruell-gruber.eu\/wp-content\/uploads\/2019\/11\/logo_capital.fr_.jpg 845w, https:\/\/bruell-gruber.eu\/wp-content\/uploads\/2019\/11\/logo_capital.fr_-300x114.jpg 300w, https:\/\/bruell-gruber.eu\/wp-content\/uploads\/2019\/11\/logo_capital.fr_-768x292.jpg 768w\" sizes=\"(max-width: 845px) 100vw, 845px\" \/><\/figure>\n<\/div><\/div>\n\n\n\n<div class=\"wp-block-coblocks-column coblocks-column-1022184040310\" style=\"width:66%\"><div class=\"wp-block-coblocks-column__inner has-no-padding has-no-margin\">\n<p><br>B+G baute im Pariser Kaufhaus Lafayette um.<br>Zahlreiche Messing-Objekte wurden als Unikate eingebaut. 2009 gab dann  Phillippe Houz\u00e9, Pr\u00e4sident des Pariser Edel-Kaufhauses Galeries Lafayette, der franz\u00f6sischen Zeitschrift <em>Capital.fr<\/em> ein Interview zum Erfolg seines Unternehmens trotz Krisenzeiten.<br>&gt;&gt;<em><a href=\"\/wp-content\/uploads\/2019\/11\/lafayette.pdf\" target=\"_blank\" rel=\"noreferrer noopener\" aria-label=\" (opens in a new tab)\">Hier geht es  zum Beitrag von Capital.fr<\/a><\/em><\/p>\n<\/div><\/div>\n<\/div><\/div>\n\n\n\n<div class=\"wp-block-coblocks-row coblocks-row-1022184429220\" data-columns=\"2\" data-layout=\"66-33\"><div class=\"wp-block-coblocks-row__inner has-medium-gutter has-no-padding has-no-margin is-stacked-on-mobile\">\n<div class=\"wp-block-coblocks-column coblocks-column-1022184434230\" style=\"width:66%\"><div class=\"wp-block-coblocks-column__inner has-no-padding has-no-margin\">\n<p><\/p>\n<\/div><\/div>\n\n\n\n<div class=\"wp-block-coblocks-column coblocks-column-1022184434276\" style=\"width:33%\"><div class=\"wp-block-coblocks-column__inner has-no-padding has-no-margin\">\n<p><\/p>\n<\/div><\/div>\n<\/div><\/div>\n\n\n\n<div class=\"wp-block-coblocks-row coblocks-row-1024114210744\" data-columns=\"2\" data-layout=\"66-33\"><div class=\"wp-block-coblocks-row__inner has-medium-gutter has-no-padding has-no-margin is-stacked-on-mobile\">\n<div class=\"wp-block-coblocks-column coblocks-column-1024114214950\" style=\"width:66%\"><div class=\"wp-block-coblocks-column__inner has-no-padding has-no-margin\"><\/div><\/div>\n\n\n\n<div class=\"wp-block-coblocks-column coblocks-column-102411421534\" style=\"width:33%\"><div class=\"wp-block-coblocks-column__inner has-no-padding has-no-margin\"><\/div><\/div>\n<\/div><\/div>\n\n\n\n<div class=\"wp-block-coblocks-row coblocks-row-1024114726856\" data-columns=\"2\" data-layout=\"33-66\"><div class=\"wp-block-coblocks-row__inner has-medium-gutter has-no-padding has-no-margin is-stacked-on-mobile\">\n<div class=\"wp-block-coblocks-column coblocks-column-1024114732334\" style=\"width:33%\"><div class=\"wp-block-coblocks-column__inner has-no-padding has-no-margin\">\n<figure class=\"wp-block-image\"><img width=\"1024\" height=\"389\" src=\"https:\/\/bruell-gruber.eu\/wp-content\/uploads\/2019\/11\/Logo_hotel_objekte-1024x389.jpg\" alt=\"logo hotel objekte im Bericht \u00fcber B+G\" class=\"wp-image-1552\" srcset=\"https:\/\/bruell-gruber.eu\/wp-content\/uploads\/2019\/11\/Logo_hotel_objekte-1024x389.jpg 1024w, https:\/\/bruell-gruber.eu\/wp-content\/uploads\/2019\/11\/Logo_hotel_objekte-300x114.jpg 300w, https:\/\/bruell-gruber.eu\/wp-content\/uploads\/2019\/11\/Logo_hotel_objekte-768x292.jpg 768w, https:\/\/bruell-gruber.eu\/wp-content\/uploads\/2019\/11\/Logo_hotel_objekte.jpg 1200w\" sizes=\"(max-width: 1024px) 100vw, 1024px\" \/><\/figure>\n<\/div><\/div>\n\n\n\n<div class=\"wp-block-coblocks-column coblocks-column-1024114732404\" style=\"width:66%\"><div class=\"wp-block-coblocks-column__inner has-no-padding has-no-margin\">\n<p><br>Edle Lichtgestaltung &#8211; das Fachmagazin <em>hotel Objekte<\/em> stellte 04\/2008  exklusive Deckengestaltung mit Lichtobjekten von B+G vor.<br> &gt;&gt; <em><a href=\"\/wp-content\/uploads\/2019\/11\/hotelobjekte.pdf\" target=\"_blank\" rel=\"noreferrer noopener\" aria-label=\" (opens in a new tab)\">Hier geht es zum Artikel von hotel Objekte<\/a><\/em><\/p>\n<\/div><\/div>\n<\/div><\/div>\n\n\n\n<div class=\"wp-block-coblocks-row coblocks-row-1024115818842\" data-columns=\"2\" data-layout=\"33-66\"><div class=\"wp-block-coblocks-row__inner has-medium-gutter has-no-padding has-no-margin is-stacked-on-mobile\">\n<div class=\"wp-block-coblocks-column coblocks-column-1024115823426\" style=\"width:33%\"><div class=\"wp-block-coblocks-column__inner has-no-padding has-no-margin\">\n<figure class=\"wp-block-image\"><img width=\"606\" height=\"229\" src=\"https:\/\/bruell-gruber.eu\/wp-content\/uploads\/2019\/11\/logo_pos_Ladenbauer.jpg\" alt=\"Logo POS Ladenbauer im Bericht \u00fcber B+G\" class=\"wp-image-1550\" srcset=\"https:\/\/bruell-gruber.eu\/wp-content\/uploads\/2019\/11\/logo_pos_Ladenbauer.jpg 606w, https:\/\/bruell-gruber.eu\/wp-content\/uploads\/2019\/11\/logo_pos_Ladenbauer-300x113.jpg 300w\" sizes=\"(max-width: 606px) 100vw, 606px\" \/><\/figure>\n<\/div><\/div>\n\n\n\n<div class=\"wp-block-coblocks-column coblocks-column-1024115823500\" style=\"width:66%\"><div class=\"wp-block-coblocks-column__inner has-no-padding has-no-margin\">\n<p><br>Highlights aus Metall &#8211; das Fachmagazin <em>POS-Ladenbauer<\/em> berichtete  02\/2008 \u00fcber ma\u00dfgeschneiderte Ladenbau-L\u00f6sungen von Br\u00fcll + Gruber.<br>&gt;&gt;<em> <a href=\"\/wp-content\/uploads\/2019\/11\/pos_newsAusschn.pdf\" target=\"_blank\" rel=\"noreferrer noopener\" aria-label=\" (opens in a new tab)\">Hier gehts zum Artikel in POS-Ladenbauer<\/a><\/em><\/p>\n<\/div><\/div>\n<\/div><\/div>","protected":false},"excerpt":{"rendered":"<p>Br\u00fcll+Gruber-Projekte im Blick der Kommentatoren<\/p>","protected":false},"author":1,"featured_media":1553,"parent":0,"menu_order":0,"comment_status":"closed","ping_status":"closed","template":"","meta":{"_coblocks_attr":"","_coblocks_dimensions":"","_coblocks_responsive_height":"","_coblocks_accordion_ie_support":""},"rttpg_featured_image_url":{"full":["https:\/\/bruell-gruber.eu\/wp-content\/uploads\/2019\/11\/schmuckbild_pressespiegel.jpg",1200,900,false],"landscape":["https:\/\/bruell-gruber.eu\/wp-content\/uploads\/2019\/11\/schmuckbild_pressespiegel.jpg",1200,900,false],"portraits":["https:\/\/bruell-gruber.eu\/wp-content\/uploads\/2019\/11\/schmuckbild_pressespiegel.jpg",1200,900,false],"thumbnail":["https:\/\/bruell-gruber.eu\/wp-content\/uploads\/2019\/11\/schmuckbild_pressespiegel-300x207.jpg",300,207,true],"medium":["https:\/\/bruell-gruber.eu\/wp-content\/uploads\/2019\/11\/schmuckbild_pressespiegel-300x225.jpg",300,225,true],"large":["https:\/\/bruell-gruber.eu\/wp-content\/uploads\/2019\/11\/schmuckbild_pressespiegel-1024x768.jpg",640,480,true],"1536x1536":["https:\/\/bruell-gruber.eu\/wp-content\/uploads\/2019\/11\/schmuckbild_pressespiegel.jpg",1200,900,false],"2048x2048":["https:\/\/bruell-gruber.eu\/wp-content\/uploads\/2019\/11\/schmuckbild_pressespiegel.jpg",1200,900,false]},"rttpg_author":{"display_name":"","author_link":"https:\/\/bruell-gruber.eu\/en\/author\/"},"rttpg_comment":0,"rttpg_category":null,"rttpg_excerpt":"Br\u00fcll+Gruber-Projekte im Blick der Kommentatoren","_links":{"self":[{"href":"https:\/\/bruell-gruber.eu\/en\/wp-json\/wp\/v2\/pages\/59"}],"collection":[{"href":"https:\/\/bruell-gruber.eu\/en\/wp-json\/wp\/v2\/pages"}],"about":[{"href":"https:\/\/bruell-gruber.eu\/en\/wp-json\/wp\/v2\/types\/page"}],"author":[{"embeddable":true,"href":"https:\/\/bruell-gruber.eu\/en\/wp-json\/wp\/v2\/users\/1"}],"replies":[{"embeddable":true,"href":"https:\/\/bruell-gruber.eu\/en\/wp-json\/wp\/v2\/comments?post=59"}],"version-history":[{"count":0,"href":"https:\/\/bruell-gruber.eu\/en\/wp-json\/wp\/v2\/pages\/59\/revisions"}],"wp:featuredmedia":[{"embeddable":true,"href":"https:\/\/bruell-gruber.eu\/en\/wp-json\/wp\/v2\/media\/1553"}],"wp:attachment":[{"href":"https:\/\/bruell-gruber.eu\/en\/wp-json\/wp\/v2\/media?parent=59"}],"curies":[{"name":"wp","href":"https:\/\/api.w.org\/{rel}","templated":true}]}}